{"id":1589,"date":"2023-08-18T10:32:16","date_gmt":"2023-08-18T10:32:16","guid":{"rendered":"https:\/\/mtsolab.com\/WpEkav\/?page_id=1589"},"modified":"2023-08-18T10:32:16","modified_gmt":"2023-08-18T10:32:16","slug":"2018-yili-faaliyetlerimiz","status":"publish","type":"page","link":"https:\/\/mtsoekav.org.tr\/index.php\/2018-yili-faaliyetlerimiz\/","title":{"rendered":"2018 Y\u0131l\u0131 Faaliyetlerimiz"},"content":{"rendered":"\n<p><strong>MERS\u0130N T\u0130CARET VE SANAY\u0130 ODASI E\u011e\u0130T\u0130M VE KALKINMA VAKFI<\/strong><\/p>\n\n\n\n<p><strong>2018 YILI FAAL\u0130YETLER\u0130M\u0130Z<\/strong><\/p>\n\n\n\n<p>Vak\u0131f Y\u00f6netim Kurulu 30.05.2018 tarihinden itibaren Ba\u015fkan S. \u00c7a\u011fatay G\u00fcne\u015f, Ba\u015fkan Vekilleri Mesut Selim \u00d6zc\u00f6mert ve Tamer G\u00fcner, Sayman \u00dcye Mustafa Mutlu Koyuncuo\u011flu, Y\u00f6netim Kurulu \u00dcyeleri Fahrettin A\u015fut, Hakan Bozbey, Osman Kiper, Yakup Y\u0131lmaz ve Yal\u00e7\u0131n Balc\u0131 olarak g\u00f6revlerine devam etmektedir.&nbsp;<\/p>\n\n\n\n<p>Vakf\u0131n <a href=\"http:\/\/www.mtsoekav.org.tr\">www.mtsoekav.org.tr<\/a> adresiyle web sitesi kuruldu.&nbsp;<\/p>\n\n\n\n<p>#mtso.ekav ismiyle instagram hesab\u0131 ve MTSO E\u011fitim ve Kalk\u0131nma Vakf\u0131 facebook sayfas\u0131 a\u00e7\u0131larak MTSO E\u011fitim ve Kalk\u0131nma Vakf\u0131 sosyal medyada yerini ald\u0131. Vakf\u0131m\u0131z faaliyetlerini bu mecralardan da duyurmaktad\u0131r.&nbsp;<\/p>\n\n\n\n<p>En iyi yat\u0131r\u0131m\u0131n insana yap\u0131ld\u0131\u011f\u0131 bilinciyle faaliyetlerini s\u00fcrd\u00fcren Vakf\u0131m\u0131z e\u011fitimi \u00f6ncelikli faaliyetleri aras\u0131na alm\u0131\u015ft\u0131r. Bu do\u011frultuda;<\/p>\n\n\n\n<p>\u0130l birincisi olan MTSO Kadri \u015eaman Teknik Meslek ve Anadolu Meslek Lisesi futbol tak\u0131m\u0131n\u0131n b\u00f6lge turnuvalar\u0131na kat\u0131lmalar\u0131 i\u00e7in maddi destek verildi.<\/p>\n\n\n\n<figure class=\"wp-block-image\"><img decoding=\"async\" src=\"https:\/\/lh5.googleusercontent.com\/apRCszqGK0tDVMrqfEBWgu2nBqCH2HSBxQt_xURaXk-Twets2WhWQtcYtZFXpP67DJ_iSkPfTndsVQcKtclgOZU19Smf_6m1k5vICDGT1cZ7aUyM_bHxZSmjpw3wU5LRtDoO5m2gHfVfsPqGDt9RRQ\" alt=\"\"\/><\/figure>\n\n\n\n<p>MTSO Kadri \u015eaman Teknik Meslek ve Anadolu Meslek Lisesi ile Mersin Mesleki ve Teknik Anadolu Lisesi \u00f6\u011frencilerinin derslerinin mesleki a\u011f\u0131rl\u0131kta olmas\u0131ndan ve \u0130ngilizceye yeterli ders saatinin ayr\u0131lmad\u0131\u011f\u0131ndan dolay\u0131 \u0130ngilizce bilgilerinin yeterli olmad\u0131\u011f\u0131 g\u00f6zlenmi\u015ftir. Okul idaresi Vakf\u0131m\u0131zla g\u00f6r\u00fc\u015ferek \u00f6\u011frencilere \u0130ngilizce e\u011fitimi verilmesini talep etmi\u015flerdir. \u0130ki Anadolu ve teknik meslek lisesi \u00f6\u011frencilerimize pratik \u0130ngilizce dersi verilmi\u015ftir. Her y\u0131l \u0130ngilizce t\u00fcrk\u00fc, Nasreddin Hoca f\u0131kralar\u0131, piyes, \u015fiir g\u00f6sterileri haz\u0131rlayarak bizi de davet etmekte ve \u00e7al\u0131\u015fmalar\u0131n\u0131 sergilemektedirler.<\/p>\n\n\n\n<figure class=\"wp-block-image\"><img decoding=\"async\" src=\"https:\/\/lh5.googleusercontent.com\/GS3vjci95wUjJByTlvR2gAMGakCKP5MxSxUvYjV674wqSKIlOZJBy08uermB9GFDDWCLoYY-91MucBm0ZugiIOoh3WZyZmsGEu5P2z0y-FneCxkBUN2dX0-e7Obw_oPyPvubGunIqjepfrvLuot9Ng\" alt=\"\"\/><\/figure>\n\n\n\n<figure class=\"wp-block-image\"><img decoding=\"async\" src=\"https:\/\/lh4.googleusercontent.com\/cgVxKQw4CTAEMYjtjGRDvjpexBHGBfV62ujCvGSro16OXPGwpuClb7xCKq_KcebsWZKeVfL6dQ_SG9RFZOZyt5BWqZxKv1tcgzRvfu54Jq0CMBlMXOnV8HzoGE599rFmAGFOvNOz6rM1WNP8fQY9kw\" alt=\"\"\/><\/figure>\n\n\n\n<figure class=\"wp-block-image\"><img decoding=\"async\" src=\"https:\/\/lh4.googleusercontent.com\/fnBhB0ib1NOm9vlzg_43YHDwGNdQD2clehP-_NmkQtwqZsrXSmmkXcSgnCmsRw9vLnjyTkhim8Pt5EDf1kh1EkuIJV21VUURB0zQ9HinX-KWW9yhFMUYidJpPaUjS13wCgNjYFvgJMuWeloj9xqfMg\" alt=\"\"\/><\/figure>\n\n\n\n<figure class=\"wp-block-image\"><img decoding=\"async\" src=\"https:\/\/lh5.googleusercontent.com\/HoXNy4Ge371QlGRB-f_Q0CFASuBWjNf7EYC19JW2HEtIhGa2ojqlp2MiFvlXLt3kSwg93enZKD_VtoB-P3dPzGVlKmoPKkO5bgs4WCyb3imf8jJ6Z8sWbgFuEODOUY8iIa9KPAX0TKR_lOm2edxeEw\" alt=\"\"\/><\/figure>\n\n\n\n<p>28-29 Nisan 2018 tarihlerinde Alzheimer Derne\u011fi Engelli Ya\u015fam Merkezi \u00e7al\u0131\u015fanlar\u0131na ISO 9001 Kalite Y\u00f6netim Sistemi ve \u0130\u00e7 Denet\u00e7i e\u011fitimi verildi.<\/p>\n\n\n\n<figure class=\"wp-block-image is-resized\"><img loading=\"lazy\" decoding=\"async\" src=\"https:\/\/lh4.googleusercontent.com\/tggkXVOk1ETIHzkE4vb7jv6Nedoqd3AIlikbTH7HtWVKIv_7rO6rQx3K7NVphqSyDMavEmuj2_pBVNF7YIllKwHldDc3doiFmBYzNzP3zAV83r2m055d8k61WRH_GvR9TYwOpZm2Yw5HWRefy-eK7A\" alt=\"\" style=\"width:626px;height:418px\" width=\"626\" height=\"418\"\/><\/figure>\n\n\n\n<p>09.05.2018 tarihinde T\u00fcrkiye Alzheimer Derne\u011fi Mersin \u015eubesi Y\u00f6netim Kurulu Ba\u015fkan\u0131 Prof. Dr. Aynur \u00d6zge ile Y\u00f6netim Kurulu \u00dcyeleri Sevgi Yanpar, Abdurrahman \u00c7okg\u00fcnl\u00fc, \u00d6zcan Demir Y\u00f6netim Kurulumuzu ziyaret etti.<\/p>\n\n\n\n<figure class=\"wp-block-image is-resized\"><img loading=\"lazy\" decoding=\"async\" src=\"https:\/\/lh6.googleusercontent.com\/7nFcHo0GfP2zPXw3poquOQvPQRYZUKrEkE5tbvOKhiCj0rSfrp8NDkZKM5RJBtjDWJ1frbpJfBDMCT6iZvWYRiUv1IOktiRaoeCvOG4sgO8MlkQuRkbcxWYRuYBok5OLcPesTHqiLi_mRS5Q9mcyhg\" alt=\"\" style=\"width:628px;height:411px\" width=\"628\" height=\"411\"\/><\/figure>\n\n\n\n<p>06-11 A\u011fustos 2018 tarihlerinde Forum Al\u0131\u015fveri\u015f Merkezinde \u00f6zel okullarla i\u015fbirli\u011fi yap\u0131larak \u00fcniversite tercih destek g\u00fcnleri d\u00fczenlendi.<\/p>\n\n\n\n<p><strong>MTSO E\u011e\u0130T\u0130M VE KALKINMA VAKFI \u0130KT\u0130SAD\u0130 \u0130\u015eLETMES\u0130&nbsp;<\/strong><\/p>\n\n\n\n<p><strong>2018 YILI FAAL\u0130YETLER\u0130M\u0130Z<\/strong><\/p>\n\n\n\n<ol class=\"wp-block-list\">\n<li>&nbsp;16-19 Ocak 2018 Uygulamal\u0131 giri\u015fimcilik \u2013 30 ki\u015fi<\/li>\n\n\n\n<li>&nbsp;16 \u015eubat 2018 \u0130\u015f ya\u015fam\u0131nda nezaket ve davran\u0131\u015f kurallar\u0131 \u201321 ki\u015fi<\/li>\n\n\n\n<li>&nbsp;16 \u015eubat 2018 S\u00fcre\u00e7 y\u00f6netimi \u201323 ki\u015fi<\/li>\n\n\n\n<li>&nbsp;27.02-03.03.2018 Uygulamal\u0131 giri\u015fimcilik \u201329 ki\u015fi<\/li>\n\n\n\n<li>&nbsp;06-09 Mart 2018 Uygulamal\u0131 giri\u015fimcilik \u201330 ki\u015fi<\/li>\n\n\n\n<li>&nbsp;08-11.05.2018 Uygulamal\u0131 giri\u015fimcilik \u201329 ki\u015fi<\/li>\n<\/ol>\n\n\n\n<figure class=\"wp-block-image is-resized\"><img loading=\"lazy\" decoding=\"async\" src=\"https:\/\/lh5.googleusercontent.com\/w4vwDrjeiBYPBDXXOLq_H2NkAjF2LxlUui57QDO7zxL0SwDipsfRq-YqAKs1VKJgT6sod1AXc_ToVUns0cc35OiujbY2GqFeovOAVJdSePctmX9tCzAlQiTTd-7lxw2PukuocpTa9zgYejGYB0OZCA\" alt=\"\" style=\"width:629px;height:419px\" width=\"629\" height=\"419\"\/><\/figure>\n\n\n\n<ol class=\"wp-block-list\" start=\"7\">\n<li>&nbsp;18.05.2018 G\u0131da Savunmas\u0131 ve Bioter\u00f6rizm \u2013 16 ki\u015fi<\/li>\n<\/ol>\n\n\n\n<figure class=\"wp-block-image is-resized\"><img loading=\"lazy\" decoding=\"async\" src=\"https:\/\/lh4.googleusercontent.com\/NSYGc1ulmZhZq5AE7jO3x7-LJGb_GbV3Tk2pw6b82WFHKQU401_hhPtgoz_OiQlQIHdfSM4qaNKhflVXSKBDHbp9B0MuRvo3e9REpe-nEQNHqCsnIHFvKBdgngJ2EHUmtAFgLXoNfF-DfB2-BntDBQ\" alt=\"\" style=\"width:630px;height:386px\" width=\"630\" height=\"386\"\/><\/figure>\n\n\n\n<ol class=\"wp-block-list\" start=\"8\">\n<li>&nbsp;28.06.2018 Hijyen E\u011fitimi &#8211; MTSO 36 ki\u015fi<\/li>\n\n\n\n<li>&nbsp;29.06.2018 Hijyen E\u011fitimi &#8211; KEBO &#8211; 15 ki\u015fi<\/li>\n\n\n\n<li>30.06.2018 Hijyen E\u011fitimi &#8211; M\u0130RE\u015e &#8211; 72 ki\u015fi<\/li>\n\n\n\n<li>09.07.2018 Hijyen E\u011fitimi &#8211; MERPA\u015e &#8211; 37 ki\u015fi<\/li>\n\n\n\n<li>&nbsp;28.06-27.07.2018 Y\u00f6neticilik E\u011fitimleri \u2013 27 ki\u015fi<\/li>\n<\/ol>\n\n\n\n<ul class=\"wp-block-list\">\n<li>28-29.06.2018 \u0130nsan Kaynaklar\u0131 Y\u00f6netimi&nbsp;<\/li>\n\n\n\n<li>05.07.2018 Sat\u0131n alma<\/li>\n\n\n\n<li>06.07.2018 Depo ve stok y\u00f6netimi<\/li>\n\n\n\n<li>12-13.07.2018 Pazarlama stratejileri<\/li>\n\n\n\n<li>19-20-26.07.2018 Finans y\u00f6netimi<\/li>\n\n\n\n<li>27.07.2018 Kurumsalla\u015fma<\/li>\n<\/ul>\n\n\n\n<figure class=\"wp-block-image is-resized\"><img loading=\"lazy\" decoding=\"async\" src=\"https:\/\/lh6.googleusercontent.com\/70FGihotMnSV9Y0EIJcQvf-jW1WxW0q1Y-NkWKDgern9clSkgGqIoL_cfx7-wwD-3a1ODcCjQcA_4r15Uf8kBhGvnLaJtxY10bR5tG5HCT4vmS95SZ0hNqyifEM0hjbW5Bw3P3IuYXNwiT982zvXuQ\" alt=\"\" style=\"width:629px;height:420px\" width=\"629\" height=\"420\"\/><\/figure>\n\n\n\n<ol class=\"wp-block-list\" start=\"13\">\n<li>23.10.2018 Mavi Yakal\u0131lar \u0130\u00e7in Finansal Okuryazarl\u0131k &#8211; 20 ki\u015fi&nbsp;<\/li>\n<\/ol>\n\n\n\n<figure class=\"wp-block-image is-resized\"><img loading=\"lazy\" decoding=\"async\" src=\"https:\/\/lh3.googleusercontent.com\/1v__mLDIucGF63Vys3I_k9A-sJ6fgHyM2D6OwK-nP1QpiyDd56s7C3jQB3bwgkZD3B3JHsQXIj-RyasmJouanl5oJLq5DFC00-1_iIITlwR1TXIFdE4xonHhr-G5HLGVYNx4FZn_8B2HvycFwE90DA\" alt=\"\" style=\"width:632px;height:421px\" width=\"632\" height=\"421\"\/><\/figure>\n\n\n\n<ol class=\"wp-block-list\" start=\"14\">\n<li>06.11.2018 Hijyen E\u011fitimi MTSO \u2013 22 ki\u015fi<\/li>\n\n\n\n<li>12-16.11.2018 Uygulamal\u0131 Giri\u015fimcilik \u2013 28 ki\u015fi<\/li>\n<\/ol>\n\n\n\n<figure class=\"wp-block-image is-resized\"><img loading=\"lazy\" decoding=\"async\" src=\"https:\/\/lh5.googleusercontent.com\/dCEorNC6P8MP-upIjHRGBU0_eTdji8r_-Y5tV7PZEWk-6J0rfKvapZu9RRjAyZtUri5e7141tUYBJD6CXfUIbFDyEDtxZrwJ36NTBOm15gjya6CTooqMDK328IrNj2KpdwOnChktR9U_CfjcyZY0Iw\" alt=\"\" style=\"width:629px;height:419px\" width=\"629\" height=\"419\"\/><\/figure>\n\n\n\n<ol class=\"wp-block-list\" start=\"16\">\n<li>03-06.12.2018 Uygulamal\u0131 Giri\u015fimcilik \u2013 30 ki\u015fi<\/li>\n<\/ol>\n\n\n\n<figure class=\"wp-block-image is-resized\"><img loading=\"lazy\" decoding=\"async\" src=\"https:\/\/lh5.googleusercontent.com\/naTp0IZpNJwehE70xO1jpafbIQu2C9k65Q3HjClDkbjKi6Vse2uOHjmQvkVb1xskXasxGybA_9tBD2QQ_9SW3Oq2XW2IqdgBrSOzcHLMHnIEpTSViDVma_7MgWRQWEQlkprh1iflTup29GSNQ7QZnA\" alt=\"\" style=\"width:451px;height:451px\" width=\"451\" height=\"451\"\/><\/figure>\n\n\n\n<ol class=\"wp-block-list\" start=\"17\">\n<li>&nbsp;06-07.12.2018 Sa\u011fl\u0131k Turizmi &#8211; 22 ki\u015fi<\/li>\n<\/ol>\n\n\n\n<figure class=\"wp-block-image is-resized\"><img loading=\"lazy\" decoding=\"async\" src=\"https:\/\/lh5.googleusercontent.com\/-O4GJIBrXws92CB2U8Bog1JTvMjr4FtBDhBm7jx1YuGe-RLZRVxKzTpCNHSE13FTMacNimQgq4iHCeX57hwbRQBlEHBo3Fe0HjCgcMreRNs6Jzgqx-GIIYg4us0FwNy2pBJHsIRwN1lq73x2Z5DqZQ\" alt=\"\" style=\"width:619px;height:619px\" width=\"619\" height=\"619\"\/><\/figure>\n\n\n\n<ol class=\"wp-block-list\" start=\"18\">\n<li>12.12.2018 M\u00fc\u015fteri \u0130li\u015fkileri ve Halkla \u0130li\u015fkiler \u2013 19 ki\u015fi&nbsp;<\/li>\n<\/ol>\n\n\n\n<figure class=\"wp-block-image is-resized\"><img loading=\"lazy\" decoding=\"async\" src=\"https:\/\/lh6.googleusercontent.com\/mRTd_S3t-OhZfwn0hQ-4AeswjJ9bG6P9nIXh9mZkOTlR-uyHS2Uhypq10qGFLRzcjMJPrCI4N49JVL-Ox2xMvCIVXgsHt1BfHFlNgItGd-NDsMDT-aXaPKC2-bvaZmQjM04vQ2tdzhjRKB1HfykiQQ\" alt=\"\" style=\"width:622px;height:414px\" width=\"622\" height=\"414\"\/><\/figure>\n\n\n\n<figure class=\"wp-block-image is-resized\"><img loading=\"lazy\" decoding=\"async\" src=\"https:\/\/lh5.googleusercontent.com\/xW9zFRrtIuQ30JKsKThFhzZ4Qa5CYf70kEUKecUiZ2eAVGMHsO1cafRH-oW7vCwKjCjR8FAMKR36kCtKqd0XQ8TkeOp2lF7HR6kWpP3L9Mtb1b-GAqiO8LxTU7KD5BGA1BVJUBi-FMx40cQn_otO6g\" alt=\"\" style=\"width:622px;height:415px\" width=\"622\" height=\"415\"\/><\/figure>\n\n\n\n<ol class=\"wp-block-list\" start=\"19\">\n<li>13-14.12.2018 Ma\u011fazac\u0131l\u0131k ve Perakende sat\u0131\u015f \u2013 24 ki\u015fi<\/li>\n<\/ol>\n\n\n\n<figure class=\"wp-block-image is-resized\"><img loading=\"lazy\" decoding=\"async\" src=\"https:\/\/lh5.googleusercontent.com\/dHPgcFGTIWTCKC6if7O57FgpkeMmzzOG0oyWFf5r1XrOSKcEpQJMnOecycFc8z6LlUz6xuZkv0xYJZ793nhWDy_D_3RXNVJxXdfoq8hkddFZk75pd9TlpYBLzpfE7r_OqD5Llv8fk4IJ6xAJ6h03cQ\" alt=\"\" style=\"width:626px;height:470px\" width=\"626\" height=\"470\"\/><\/figure>\n\n\n\n<p>E\u011fitimlerimize toplam 530 ki\u015fi kat\u0131lm\u0131\u015ft\u0131r.<\/p>\n\n\n\n<p><\/p>\n\n\n\n<p><\/p>\n","protected":false},"excerpt":{"rendered":"<p>MERS\u0130N T\u0130CARET VE SANAY\u0130 ODASI E\u011e\u0130T\u0130M VE KALKINMA VAKFI 2018 YILI FAAL\u0130YETLER\u0130M\u0130Z Vak\u0131f Y\u00f6netim Kurulu 30.05.2018 tarihinden itibaren Ba\u015fkan S.<\/p>\n","protected":false},"author":2,"featured_media":0,"parent":0,"menu_order":0,"comment_status":"closed","ping_status":"closed","template":"","meta":{"footnotes":""},"class_list":["post-1589","page","type-page","status-publish","hentry"],"_links":{"self":[{"href":"https:\/\/mtsoekav.org.tr\/index.php\/wp-json\/wp\/v2\/pages\/1589","targetHints":{"allow":["GET"]}}],"collection":[{"href":"https:\/\/mtsoekav.org.tr\/index.php\/wp-json\/wp\/v2\/pages"}],"about":[{"href":"https:\/\/mtsoekav.org.tr\/index.php\/wp-json\/wp\/v2\/types\/page"}],"author":[{"embeddable":true,"href":"https:\/\/mtsoekav.org.tr\/index.php\/wp-json\/wp\/v2\/users\/2"}],"replies":[{"embeddable":true,"href":"https:\/\/mtsoekav.org.tr\/index.php\/wp-json\/wp\/v2\/comments?post=1589"}],"version-history":[{"count":1,"href":"https:\/\/mtsoekav.org.tr\/index.php\/wp-json\/wp\/v2\/pages\/1589\/revisions"}],"predecessor-version":[{"id":1590,"href":"https:\/\/mtsoekav.org.tr\/index.php\/wp-json\/wp\/v2\/pages\/1589\/revisions\/1590"}],"wp:attachment":[{"href":"https:\/\/mtsoekav.org.tr\/index.php\/wp-json\/wp\/v2\/media?parent=1589"}],"curies":[{"name":"wp","href":"https:\/\/api.w.org\/{rel}","templated":true}]}}