{"id":1510,"date":"2023-08-10T13:00:22","date_gmt":"2023-08-10T13:00:22","guid":{"rendered":"https:\/\/mtsolab.com\/WpEkav\/?page_id=1510"},"modified":"2023-08-21T10:53:58","modified_gmt":"2023-08-21T10:53:58","slug":"2022-yili-faaliyetlerimiz","status":"publish","type":"page","link":"https:\/\/mtsoekav.org.tr\/index.php\/2022-yili-faaliyetlerimiz\/","title":{"rendered":"2022 Y\u0131l\u0131 Faaliyetlerimiz"},"content":{"rendered":"\n<p><strong>MERS\u0130N T\u0130CARET VE SANAY\u0130 ODASI E\u011e\u0130T\u0130M VE KALKINMA VAKFI \u0130LE<\/strong> <strong>\u0130KT\u0130SAD\u0130 \u0130\u015eLETMES\u0130<\/strong><\/p>\n\n\n\n<p>Vak\u0131f Y\u00f6netim Kurulu 30.05.2018 tarihinden itibaren Ba\u015fkan S. \u00c7a\u011fatay G\u00fcne\u015f, Ba\u015fkan Vekilleri Mesut Selim \u00d6zc\u00f6mert ve Tamer G\u00fcner, Sayman \u00dcye Mustafa Mutlu Koyuncuo\u011flu, Y\u00f6netim Kurulu \u00dcyeleri Fahrettin A\u015fut, Hakan Bozbey, Osman Kiper, Yakup Y\u0131lmaz ve Yal\u00e7\u0131n Balc\u0131 olarak g\u00f6revlerine devam etmektedir.<\/p>\n\n\n\n<p>Ziyaretler:<\/p>\n\n\n\n<p>03 Mart 2022 \u00c7ukurova Sifed Ba\u015fkan\u0131\u00a0H\u00fcseyin K\u0131\u015f\u2019\u0131 ziyaret<\/p>\n\n\n\n<p>15 Mart 2022 Kadri \u015eaman MTSO Mesleki Teknik Anadolu Lisesi \u00f6\u011frencileriyle tecr\u00fcbe payla\u015f\u0131m\u0131<\/p>\n\n\n\n<figure class=\"wp-block-image aligncenter size-large is-resized\"><img loading=\"lazy\" decoding=\"async\" src=\"https:\/\/mtsolab.com\/WpEkav\/wp-content\/uploads\/2023\/08\/275957445_420840949842119_6551793968942940589_n-1024x768.jpg\" alt=\"\" class=\"wp-image-1629\" style=\"width:465px;height:349px\" width=\"465\" height=\"349\" srcset=\"https:\/\/mtsoekav.org.tr\/wp-content\/uploads\/2023\/08\/275957445_420840949842119_6551793968942940589_n-1024x768.jpg 1024w, https:\/\/mtsoekav.org.tr\/wp-content\/uploads\/2023\/08\/275957445_420840949842119_6551793968942940589_n-768x576.jpg 768w, https:\/\/mtsoekav.org.tr\/wp-content\/uploads\/2023\/08\/275957445_420840949842119_6551793968942940589_n.jpg 1080w\" sizes=\"auto, (max-width: 465px) 100vw, 465px\" \/><\/figure>\n\n\n\n<figure class=\"wp-block-image size-large is-resized\"><img loading=\"lazy\" decoding=\"async\" src=\"https:\/\/mtsolab.com\/WpEkav\/wp-content\/uploads\/2023\/08\/275941752_1121590268693262_6088914726704336138_n-1024x768.jpg\" alt=\"\" class=\"wp-image-1631\" style=\"width:464px;height:348px\" width=\"464\" height=\"348\" srcset=\"https:\/\/mtsoekav.org.tr\/wp-content\/uploads\/2023\/08\/275941752_1121590268693262_6088914726704336138_n-1024x768.jpg 1024w, https:\/\/mtsoekav.org.tr\/wp-content\/uploads\/2023\/08\/275941752_1121590268693262_6088914726704336138_n-768x576.jpg 768w, https:\/\/mtsoekav.org.tr\/wp-content\/uploads\/2023\/08\/275941752_1121590268693262_6088914726704336138_n.jpg 1080w\" sizes=\"auto, (max-width: 464px) 100vw, 464px\" \/><\/figure>\n\n\n\n<p>31 Mart 2022 tarihinde Zeytinlibah\u00e7e Mesleki Teknik Anadolu Lisesi \u00f6\u011frencileriyle tecr\u00fcbe payla\u015f\u0131m\u0131<\/p>\n\n\n\n<p>12 May\u0131s 2022 Vak\u0131flar Haftas\u0131 \u00f6\u011frencilere m\u00fcze gezisi ve yemek organizasyonu<\/p>\n\n\n\n<p>2022 y\u0131l\u0131 e\u011fitimlerimiz:<\/p>\n\n\n\n<ul class=\"wp-block-list\" type=\"1\">\n<li>Uygulamal\u0131 D\u0131\u015f Ticaret E\u011fitimi 14.02.2022-11.04.2022<\/li>\n\n\n\n<li>Sat\u0131\u015f Dan\u0131\u015fman\u0131 E\u011fitimi 06.06.2022- 24.08.2022<\/li>\n<\/ul>\n\n\n\n<figure class=\"wp-block-image size-large is-resized\"><img loading=\"lazy\" decoding=\"async\" src=\"https:\/\/mtsolab.com\/WpEkav\/wp-content\/uploads\/2023\/08\/287656709_576035450768623_2486708989907111195_n-1024x683.jpg\" alt=\"\" class=\"wp-image-1632\" style=\"width:467px;height:311px\" width=\"467\" height=\"311\" srcset=\"https:\/\/mtsoekav.org.tr\/wp-content\/uploads\/2023\/08\/287656709_576035450768623_2486708989907111195_n-1024x683.jpg 1024w, https:\/\/mtsoekav.org.tr\/wp-content\/uploads\/2023\/08\/287656709_576035450768623_2486708989907111195_n-768x512.jpg 768w, https:\/\/mtsoekav.org.tr\/wp-content\/uploads\/2023\/08\/287656709_576035450768623_2486708989907111195_n.jpg 1080w\" sizes=\"auto, (max-width: 467px) 100vw, 467px\" \/><\/figure>\n\n\n\n<p>Mersin Ticaret ve Sanayi Odas\u0131 E\u011fitim ve Kalk\u0131nma Vakf\u0131m\u0131z, Mersin Ticaret ve Sanayi Odas\u0131, Mersin B\u00fcy\u00fck\u015fehir Belediyesi\u00a0<a href=\"https:\/\/www.instagram.com\/explore\/tags\/kariyer\/\">#Kariyer<\/a>\u00a0Merkezi ve Mersin Perakendeci \u0130\u015f Adamlar\u0131 Derne\u011fi (<a href=\"https:\/\/www.instagram.com\/explore\/tags\/mepi%CC%87ad\/\">#MEP\u0130AD<\/a>) i\u015fbirli\u011finde d\u00fczenlenen \u2018Sat\u0131\u015f Dan\u0131\u015fman\u0131 E\u011fitimi\u2019nin tan\u0131t\u0131m toplant\u0131s\u0131 ger\u00e7ekle\u015ftirildi. Perakende sekt\u00f6r\u00fcn\u00fcn nitelikli sat\u0131\u015f dan\u0131\u015fman\u0131 talebinin kar\u015f\u0131lanmas\u0131 ad\u0131na 17 kursiyerin kat\u0131l\u0131m\u0131yla 6 Haziran\u2019da ba\u015flayan program, 24 A\u011fustos\u2019ta sona erecek.<br>MTSO Y\u00f6netim Kurulu Ba\u015fkan\u0131 Ayhan K\u0131z\u0131ltan, MTSO E\u011fitim ve Kalk\u0131nma Vakf\u0131 Y\u00f6netim Kurulu Ba\u015fkan\u0131 Sad\u0131k \u00c7a\u011fatay G\u00fcne\u015f ile Ba\u015fkan Vekili Tamer G\u00fcner, MEP\u0130AD Y\u00f6netim Kurulu Ba\u015fkan\u0131 \u00d6zcan Demir ve\u00a0<a href=\"https:\/\/www.instagram.com\/explore\/tags\/mbb\/\">#MBB<\/a>\u00a0Kariyer Merkezi M\u00fcd\u00fcr\u00fc Serkan \u00d6zada\u2019n\u0131n kat\u0131l\u0131m\u0131yla d\u00fczenlenen toplant\u0131da yap\u0131lmas\u0131 planlanan \u00e7al\u0131\u015fmalar hakk\u0131nda bilgi verilip kursiyerlere sekt\u00f6r\u00fcn beklentileri anlat\u0131ld\u0131.<\/p>\n\n\n\n<figure class=\"wp-block-image size-large is-resized\"><img loading=\"lazy\" decoding=\"async\" src=\"https:\/\/mtsolab.com\/WpEkav\/wp-content\/uploads\/2023\/08\/296113211_574679444130762_4551450204926669515_n-1024x682.jpg\" alt=\"\" class=\"wp-image-1638\" style=\"width:465px;height:310px\" width=\"465\" height=\"310\" srcset=\"https:\/\/mtsoekav.org.tr\/wp-content\/uploads\/2023\/08\/296113211_574679444130762_4551450204926669515_n-1024x682.jpg 1024w, https:\/\/mtsoekav.org.tr\/wp-content\/uploads\/2023\/08\/296113211_574679444130762_4551450204926669515_n-768x511.jpg 768w, https:\/\/mtsoekav.org.tr\/wp-content\/uploads\/2023\/08\/296113211_574679444130762_4551450204926669515_n.jpg 1080w\" sizes=\"auto, (max-width: 465px) 100vw, 465px\" \/><\/figure>\n\n\n\n<p>MTSO E\u011fitim ve Kalk\u0131nma Vakf\u0131m\u0131z, Mersin B\u00fcy\u00fck\u015fehir Belediyesi Kariyer Merkezi, MTSO ve MEP\u0130AD i\u015fbirli\u011finde 308 saat s\u00fcreli &#8220;Sat\u0131\u015f Dan\u0131\u015fman\u0131&#8221; e\u011fitim projesinde bug\u00fcn Derya Grup \u0130nsan Kaynaklar\u0131 Direkt\u00f6r\u00fc &#8220;Etkili \u0130\u015f Arama Teknikleri&#8221; e\u011fitimi verdi.<\/p>\n\n\n\n<ul class=\"wp-block-list\">\n<li>Aromatik T\u0131bbi Bitki Yeti\u015ftiricili\u011fi 27.06.2022-27.07.2022<\/li>\n<\/ul>\n\n\n\n<figure class=\"wp-block-image size-large is-resized\"><img loading=\"lazy\" decoding=\"async\" src=\"https:\/\/mtsolab.com\/WpEkav\/wp-content\/uploads\/2023\/08\/292064394_1195791307844577_3167050317395543146_n-1024x576.jpg\" alt=\"\" class=\"wp-image-1636\" style=\"width:466px;height:262px\" width=\"466\" height=\"262\" srcset=\"https:\/\/mtsoekav.org.tr\/wp-content\/uploads\/2023\/08\/292064394_1195791307844577_3167050317395543146_n-1024x576.jpg 1024w, https:\/\/mtsoekav.org.tr\/wp-content\/uploads\/2023\/08\/292064394_1195791307844577_3167050317395543146_n-768x432.jpg 768w, https:\/\/mtsoekav.org.tr\/wp-content\/uploads\/2023\/08\/292064394_1195791307844577_3167050317395543146_n.jpg 1080w\" sizes=\"auto, (max-width: 466px) 100vw, 466px\" \/><\/figure>\n\n\n\n<figure class=\"wp-block-image size-large is-resized\"><img loading=\"lazy\" decoding=\"async\" src=\"https:\/\/mtsolab.com\/WpEkav\/wp-content\/uploads\/2023\/08\/291939018_307417518186888_4070591105468728680_n-1024x576.jpg\" alt=\"\" class=\"wp-image-1637\" style=\"width:465px;height:261px\" width=\"465\" height=\"261\" srcset=\"https:\/\/mtsoekav.org.tr\/wp-content\/uploads\/2023\/08\/291939018_307417518186888_4070591105468728680_n-1024x576.jpg 1024w, https:\/\/mtsoekav.org.tr\/wp-content\/uploads\/2023\/08\/291939018_307417518186888_4070591105468728680_n-768x432.jpg 768w, https:\/\/mtsoekav.org.tr\/wp-content\/uploads\/2023\/08\/291939018_307417518186888_4070591105468728680_n.jpg 1080w\" sizes=\"auto, (max-width: 465px) 100vw, 465px\" \/><\/figure>\n\n\n\n<ul class=\"wp-block-list\">\n<li>\u0130leri Excel E\u011fitimi 04-07.07.2022<\/li>\n<\/ul>\n\n\n\n<figure class=\"wp-block-image size-large is-resized\"><img loading=\"lazy\" decoding=\"async\" src=\"https:\/\/mtsolab.com\/WpEkav\/wp-content\/uploads\/2023\/08\/291608075_574664544034447_7687597603100957871_n-768x768.jpg\" alt=\"\" class=\"wp-image-1634\" style=\"width:457px;height:457px\" width=\"457\" height=\"457\" srcset=\"https:\/\/mtsoekav.org.tr\/wp-content\/uploads\/2023\/08\/291608075_574664544034447_7687597603100957871_n-768x768.jpg 768w, https:\/\/mtsoekav.org.tr\/wp-content\/uploads\/2023\/08\/291608075_574664544034447_7687597603100957871_n-150x150.jpg 150w, https:\/\/mtsoekav.org.tr\/wp-content\/uploads\/2023\/08\/291608075_574664544034447_7687597603100957871_n.jpg 1080w\" sizes=\"auto, (max-width: 457px) 100vw, 457px\" \/><\/figure>\n\n\n\n<figure class=\"wp-block-image size-large is-resized\"><img loading=\"lazy\" decoding=\"async\" src=\"https:\/\/mtsolab.com\/WpEkav\/wp-content\/uploads\/2023\/08\/291942345_433494851975161_6459076973843731556_n-768x768.jpg\" alt=\"\" class=\"wp-image-1635\" style=\"width:455px;height:455px\" width=\"455\" height=\"455\" srcset=\"https:\/\/mtsoekav.org.tr\/wp-content\/uploads\/2023\/08\/291942345_433494851975161_6459076973843731556_n-768x768.jpg 768w, https:\/\/mtsoekav.org.tr\/wp-content\/uploads\/2023\/08\/291942345_433494851975161_6459076973843731556_n-150x150.jpg 150w, https:\/\/mtsoekav.org.tr\/wp-content\/uploads\/2023\/08\/291942345_433494851975161_6459076973843731556_n.jpg 1080w\" sizes=\"auto, (max-width: 455px) 100vw, 455px\" \/><\/figure>\n\n\n\n<p>MTSO 31. Meslek Komite \u00fcyesi dan\u0131\u015fmanl\u0131k firmalar\u0131na y\u00f6nelik \u0130LER\u0130 D\u00dcZEY EXCEL e\u011fitimimiz bug\u00fcn ba\u015flad\u0131. 25 ki\u015finin kat\u0131ld\u0131\u011f\u0131 12 saat s\u00fcreli e\u011fitim uygulamal\u0131 olarak yap\u0131l\u0131yor ve 4 g\u00fcnde tamamlanacak.<\/p>\n\n\n\n<ul class=\"wp-block-list\">\n<li>Halkla \u0130li\u015fkileri E\u011fitimi 18.10.2022-02.01.2023<\/li>\n<\/ul>\n\n\n\n<figure class=\"wp-block-image size-large is-resized\"><img loading=\"lazy\" decoding=\"async\" src=\"https:\/\/mtsolab.com\/WpEkav\/wp-content\/uploads\/2023\/08\/312142967_510812894226549_3558114240521462369_n-768x768.jpg\" alt=\"\" class=\"wp-image-1639\" style=\"width:458px;height:458px\" width=\"458\" height=\"458\" srcset=\"https:\/\/mtsoekav.org.tr\/wp-content\/uploads\/2023\/08\/312142967_510812894226549_3558114240521462369_n-768x768.jpg 768w, https:\/\/mtsoekav.org.tr\/wp-content\/uploads\/2023\/08\/312142967_510812894226549_3558114240521462369_n-150x150.jpg 150w, https:\/\/mtsoekav.org.tr\/wp-content\/uploads\/2023\/08\/312142967_510812894226549_3558114240521462369_n.jpg 1080w\" sizes=\"auto, (max-width: 458px) 100vw, 458px\" \/><\/figure>\n\n\n\n<p>Mersin Ticaret ve Sanayi Odas\u0131, MTSO E\u011fitim ve Kalk\u0131nma Vakf\u0131 ile MERS\u0130N B\u00fcy\u00fck\u015fehir Belediyesi Kariyer Merkezi i\u015fbirli\u011finde &#8220;Halkla ili\u015fkiler ve organizasyon eleman\u0131 sertifika program\u0131&#8221; d\u00fczenlendi. Kursiyerler ba\u015fvurular aras\u0131ndan m\u00fclakatla belirlendi. 19 Ekim 2022 Sal\u0131 g\u00fcn\u00fc ba\u015flayan e\u011fitimin 2023 Ocak ay\u0131nda tamamlanmas\u0131 planland\u0131. Akdeniz Halk E\u011fitim Merkezi taraf\u0131ndan verilen e\u011fitime 18-35 ya\u015f aras\u0131 30 kursiyer kat\u0131l\u0131yor. E\u011fitim sonunda ba\u015far\u0131l\u0131 olanlar Milli E\u011fitim Bakanl\u0131\u011f\u0131 onayl\u0131 belge alacaklar.<\/p>\n\n\n\n<p>Mersin \u00dcniversitesi S\u00fcrekli E\u011fitim Merkezi ile Y\u00f6netici Akademisi E\u011fitim Program\u0131m\u0131zda a\u015fa\u011f\u0131da belirtilen e\u011fitimler Yeni\u015fehir Kamp\u00fcs\u00fcnde yap\u0131lm\u0131\u015ft\u0131r.<\/p>\n\n\n\n<ol class=\"wp-block-list\" type=\"1\">\n<li>Y\u00f6netim ve y\u00f6netim fonksiyonlar\u0131 08.06.2021<\/li>\n\n\n\n<li>Problem \u00e7\u00f6zme ve karar verme 10.06.2021<\/li>\n\n\n\n<li>Etkin ileti\u015fim becerileri 15.06.2021<\/li>\n\n\n\n<li>Performans y\u00f6netimi 17.06.2021<\/li>\n\n\n\n<li>Etkili tak\u0131m \u00e7al\u0131\u015fmas\u0131 22.06.2021<\/li>\n\n\n\n<li>Zaman y\u00f6netimi 24.06.2021<\/li>\n\n\n\n<li>\u00d6rg\u00fctsel \u00e7at\u0131\u015fma 29.06.2021<\/li>\n\n\n\n<li>Stres ve \u00f6fke y\u00f6netimi 01.07.2021<\/li>\n\n\n\n<li>Mobbing 06.07.2021<\/li>\n<\/ol>\n\n\n\n<p>Habitat Derne\u011fi ile \u201cDijital E\u011fitim Program\u0131\u201d projesi kapsam\u0131nda \u201cbu yaz e\u011fitimdeyiz\u201d slogan\u0131yla a\u015fa\u011f\u0131daki e\u011fitimler d\u00fczenlenmi\u015ftir.<\/p>\n\n\n\n<ol class=\"wp-block-list\" type=\"1\">\n<li>Mobil foto\u011fraf\u00e7\u0131l\u0131k 10.06.2021<\/li>\n\n\n\n<li>\u0130nternet reklamc\u0131l\u0131\u011f\u0131 17.06.2021<\/li>\n\n\n\n<li>Dijital okuryazarl\u0131k 22.06.2021<\/li>\n\n\n\n<li>Dijital i\u00e7erik \u00fcretimi ve y\u00f6netimi 23.06.2021<\/li>\n\n\n\n<li>\u00c7evrimi\u00e7i g\u00fcvenlik 07.07.2021<\/li>\n\n\n\n<li>Kad\u0131n i\u00e7in teknoloji 08.07.2021<\/li>\n\n\n\n<li>\u00c7ocuklar i\u00e7in kodlama e\u011fitimi 12.07.2021<\/li>\n\n\n\n<li>\u00c7ocuklar i\u00e7in kodlama e\u011fitimi 13.07.2021<\/li>\n\n\n\n<li>Bulut bili\u015fim 29.07.2021<\/li>\n\n\n\n<li>\u00c7ocuklar i\u00e7in finansal okuryazarl\u0131k 04.08.2021<\/li>\n\n\n\n<li>Finansal risk y\u00f6netimi 11.08.2021<\/li>\n\n\n\n<li>Giri\u015fimciler i\u00e7in finansal okuryazarl\u0131k e\u011fitimi 18-19.08.2021<\/li>\n\n\n\n<li>S\u0131f\u0131r at\u0131k e\u011fitimi 24.08.2021<\/li>\n<\/ol>\n","protected":false},"excerpt":{"rendered":"<p>MERS\u0130N T\u0130CARET VE SANAY\u0130 ODASI E\u011e\u0130T\u0130M VE KALKINMA VAKFI \u0130LE \u0130KT\u0130SAD\u0130 \u0130\u015eLETMES\u0130 Vak\u0131f Y\u00f6netim Kurulu 30.05.2018 tarihinden itibaren Ba\u015fkan S.<\/p>\n","protected":false},"author":2,"featured_media":0,"parent":0,"menu_order":0,"comment_status":"closed","ping_status":"closed","template":"","meta":{"footnotes":""},"class_list":["post-1510","page","type-page","status-publish","hentry"],"_links":{"self":[{"href":"https:\/\/mtsoekav.org.tr\/index.php\/wp-json\/wp\/v2\/pages\/1510","targetHints":{"allow":["GET"]}}],"collection":[{"href":"https:\/\/mtsoekav.org.tr\/index.php\/wp-json\/wp\/v2\/pages"}],"about":[{"href":"https:\/\/mtsoekav.org.tr\/index.php\/wp-json\/wp\/v2\/types\/page"}],"author":[{"embeddable":true,"href":"https:\/\/mtsoekav.org.tr\/index.php\/wp-json\/wp\/v2\/users\/2"}],"replies":[{"embeddable":true,"href":"https:\/\/mtsoekav.org.tr\/index.php\/wp-json\/wp\/v2\/comments?post=1510"}],"version-history":[{"count":3,"href":"https:\/\/mtsoekav.org.tr\/index.php\/wp-json\/wp\/v2\/pages\/1510\/revisions"}],"predecessor-version":[{"id":1640,"href":"https:\/\/mtsoekav.org.tr\/index.php\/wp-json\/wp\/v2\/pages\/1510\/revisions\/1640"}],"wp:attachment":[{"href":"https:\/\/mtsoekav.org.tr\/index.php\/wp-json\/wp\/v2\/media?parent=1510"}],"curies":[{"name":"wp","href":"https:\/\/api.w.org\/{rel}","templated":true}]}}